{"id":102,"date":"2014-10-29T01:23:27","date_gmt":"2014-10-28T22:23:27","guid":{"rendered":"http:\/\/kymenautomobiilikerho.fi\/wp\/?page_id=102"},"modified":"2014-11-03T19:13:28","modified_gmt":"2014-11-03T16:13:28","slug":"avoautot-kesaillan-ajelulla-14-07-2009","status":"publish","type":"page","link":"https:\/\/kymenautomobiilikerho.fi\/wp\/avoautot-kesaillan-ajelulla-14-07-2009\/","title":{"rendered":"Avoautot kes\u00e4illan ajelulla 14.07.2009"},"content":{"rendered":"<p>&nbsp;<br \/>\n<strong>Taivas kattona<\/strong><br \/>\n&nbsp;<br \/>\nTiistaina 14.7. kokoontui Korian hallille kymmenen kerhon avoautoilijaa letka-ajon merkeiss\u00e4. Hallilta startattiin kello 18 ajoreitin kulkiessa halki kauniiden Pohjois-Kymenlaakson maalaismaisemien. Ajon aikana pys\u00e4hdyttiin ryhm\u00e4kuvaa varten ja toisen kerran tauolle Anjalassa. Maalina oli Susikosken sillan kupeessa oleva kahvila, jossa juotiin pullakahvit. Avoautoryhm\u00e4 her\u00e4tti suurta kiinnostusta paikallaolijoissa. Kotiinp\u00e4in ajeltiin vapaamuotoisesti.<br \/>\n&nbsp;<br \/>\nS\u00e4\u00e4 suosi, joten p\u00e4\u00e4simme ajamaan katto alhaalla mik\u00e4 on olennainen osa ajonautintoa. N\u00e4ytt\u00e4ville avoautokruisailuille on hyv\u00e4t edelltykset, sill\u00e4 j\u00e4senet ovat ilmoittaneet kalustoluetteloon yli 30 avoautoa. T\u00e4m\u00e4n lis\u00e4ksi lienee hyv\u00e4 joukko lis\u00e4\u00e4. Avoautoajelu oli ensimm\u00e4inen laatuaan ja teeman kehittely\u00e4 ideoitiin. Aika n\u00e4ytt\u00e4\u00e4 miten jatkossa. Osallistujat vaikuttivat tyytyv\u00e4isilt\u00e4, joten illan tunnelmat voi kiteytt\u00e4\u00e4 lausahdukseen &#8221;ei riemulla rajaa, kun avolla ajaa&#8221;.<br \/>\n&nbsp;<br \/>\nKiitokset osallistujille ja hyv\u00e4\u00e4 loppukes\u00e4\u00e4!<br \/>\n&nbsp;<br \/>\nteksti: Jouni Kinnunen<br \/>\nkuvat: Timo Lyytik\u00e4inen<br \/>\n&nbsp;<br \/>\n\t\t\t\t\t\t<div class=\"gallery_box_single\">\n\t\t\t\t\t\t\t\t\t\t\t\t\t\t\t<div class=\"gallery gllr_grid\" data-gllr-columns=\"3\" data-gllr-border-width=\"10\">\n\t\t\t\t\t\t\t\t\t\t\t\t\t\t\t\t\t\t\t\t<div class=\"gllr_image_row\">\n\t\t\t\t\t\t\t\t\t\t\t\t\t\t\t\t\t\t\t\t\t<div class=\"gllr_image_block\">\n\t\t\t\t\t\t\t\t\t\t\t\t<p style=\"\n\t\t\t\t\t\t\t\t\t\t\t\twidth:180px;height:140px;\t\t\t\t\t\t\t\t\t\t\t\t\">\n\t\t\t\t\t\t\t\t\t\t\t\t\t\t\t\t\t\t\t\t\t\t\t\t\t\t\t\t<a data-fancybox=\"gallery_fancybox_647\" href=\"https:\/\/kymenautomobiilikerho.fi\/wp\/wp-content\/uploads\/2014\/11\/001-15457a90a3bdf6.jpg\" title=\"Renault 4 Plein-Air, Ford Mustang GT, Fiat 1500 Cabriolet, Ford (ei avo), Alfa-Romeo Giulietta Sprint ja Skoda Felicia Super Roadster l\u00e4ht\u00f6tunnelmissa.\" >\n\t\t\t\t\t\t\t\t\t\t\t\t\t\t\t\t<img decoding=\"async\" width=&quot;160&quot; height=&quot;120&quot; style=\"width:160px; height:120px; border-width: 10px; border-color:#F1F1F1;border: 10px solid #F1F1F1\" alt=\"\" title=\"Renault 4 Plein-Air, Ford Mustang GT, Fiat 1500 Cabriolet, Ford (ei avo), Alfa-Romeo Giulietta Sprint ja Skoda Felicia Super Roadster l\u00e4ht\u00f6tunnelmissa.\" src=\"https:\/\/kymenautomobiilikerho.fi\/wp\/wp-content\/uploads\/2014\/11\/001-15457a90a3bdf6-160x120.jpg\" rel=\"https:\/\/kymenautomobiilikerho.fi\/wp\/wp-content\/uploads\/2014\/11\/001-15457a90a3bdf6.jpg\" \/>\t\t\t\t\t\t\t\t\t\t\t\t\t\t\t<\/a>\n\t\t\t\t\t\t\t\t\t\t\t\t\t\t\t\t\t\t\t\t\t\t\t\t\t\t<\/p>\n\t\t\t\t\t\t\t\t\t\t\t\t\t\t\t\t\t\t\t\t\t\t\t\t\t<div \n\t\t\t\t\t\t\t\t\t\t\t\t\tstyle=\"width:180px;\"\t\t\t\t\t\t\t\t\t\t\t\t\tclass=\"gllr_single_image_text gllr_single_image_text_under\">Renault 4 Plein-Air, Ford Mustang GT, Fiat 1500 Cabriolet, Ford (ei avo), Alfa-Romeo Giulietta Sprint ja Skoda Felicia Super Roadster l\u00e4ht\u00f6tunnelmissa.&nbsp;<\/div>\n\t\t\t\t\t\t\t\t\t\t\t\t\t\t\t\t\t\t\t\t\t\t\t<\/div><!-- .gllr_image_block -->\n\t\t\t\t\t\t\t\t\t\t\t\t\t\t\t\t\t\t\t\t\t<div class=\"gllr_image_block\">\n\t\t\t\t\t\t\t\t\t\t\t\t<p style=\"\n\t\t\t\t\t\t\t\t\t\t\t\twidth:180px;height:140px;\t\t\t\t\t\t\t\t\t\t\t\t\">\n\t\t\t\t\t\t\t\t\t\t\t\t\t\t\t\t\t\t\t\t\t\t\t\t\t\t\t\t<a data-fancybox=\"gallery_fancybox_647\" href=\"https:\/\/kymenautomobiilikerho.fi\/wp\/wp-content\/uploads\/2014\/11\/002-15457a90a6deb6.jpg\" title=\"Fiat Barchetta, Alfa-Romeo Spider, Mercedes-Benz 380 SL ja Porsche 911 SC Targa l\u00e4ht\u00f6valmiina.\" >\n\t\t\t\t\t\t\t\t\t\t\t\t\t\t\t\t<img decoding=\"async\" width=&quot;160&quot; height=&quot;120&quot; style=\"width:160px; height:120px; border-width: 10px; border-color:#F1F1F1;border: 10px solid #F1F1F1\" alt=\"\" title=\"Fiat Barchetta, Alfa-Romeo Spider, Mercedes-Benz 380 SL ja Porsche 911 SC Targa l\u00e4ht\u00f6valmiina.\" src=\"https:\/\/kymenautomobiilikerho.fi\/wp\/wp-content\/uploads\/2014\/11\/002-15457a90a6deb6-160x120.jpg\" rel=\"https:\/\/kymenautomobiilikerho.fi\/wp\/wp-content\/uploads\/2014\/11\/002-15457a90a6deb6.jpg\" \/>\t\t\t\t\t\t\t\t\t\t\t\t\t\t\t<\/a>\n\t\t\t\t\t\t\t\t\t\t\t\t\t\t\t\t\t\t\t\t\t\t\t\t\t\t<\/p>\n\t\t\t\t\t\t\t\t\t\t\t\t\t\t\t\t\t\t\t\t\t\t\t\t\t<div \n\t\t\t\t\t\t\t\t\t\t\t\t\tstyle=\"width:180px;\"\t\t\t\t\t\t\t\t\t\t\t\t\tclass=\"gllr_single_image_text gllr_single_image_text_under\">Fiat Barchetta, Alfa-Romeo Spider, Mercedes-Benz 380 SL ja Porsche 911 SC Targa l\u00e4ht\u00f6valmiina.&nbsp;<\/div>\n\t\t\t\t\t\t\t\t\t\t\t\t\t\t\t\t\t\t\t\t\t\t\t<\/div><!-- .gllr_image_block -->\n\t\t\t\t\t\t\t\t\t\t\t\t\t\t\t\t\t\t\t\t\t<div class=\"gllr_image_block\">\n\t\t\t\t\t\t\t\t\t\t\t\t<p style=\"\n\t\t\t\t\t\t\t\t\t\t\t\twidth:180px;height:140px;\t\t\t\t\t\t\t\t\t\t\t\t\">\n\t\t\t\t\t\t\t\t\t\t\t\t\t\t\t\t\t\t\t\t\t\t\t\t\t\t\t\t<a data-fancybox=\"gallery_fancybox_647\" href=\"https:\/\/kymenautomobiilikerho.fi\/wp\/wp-content\/uploads\/2014\/11\/003-15457a90a96ee7.jpg\" title=\"Kymmenen avoauton ryhm\u00e4 etenee kohti Elim\u00e4ke\u00e4.\" >\n\t\t\t\t\t\t\t\t\t\t\t\t\t\t\t\t<img decoding=\"async\" width=&quot;160&quot; height=&quot;120&quot; style=\"width:160px; height:120px; border-width: 10px; border-color:#F1F1F1;border: 10px solid #F1F1F1\" alt=\"\" title=\"Kymmenen avoauton ryhm\u00e4 etenee kohti Elim\u00e4ke\u00e4.\" src=\"https:\/\/kymenautomobiilikerho.fi\/wp\/wp-content\/uploads\/2014\/11\/003-15457a90a96ee7-160x120.jpg\" rel=\"https:\/\/kymenautomobiilikerho.fi\/wp\/wp-content\/uploads\/2014\/11\/003-15457a90a96ee7.jpg\" \/>\t\t\t\t\t\t\t\t\t\t\t\t\t\t\t<\/a>\n\t\t\t\t\t\t\t\t\t\t\t\t\t\t\t\t\t\t\t\t\t\t\t\t\t\t<\/p>\n\t\t\t\t\t\t\t\t\t\t\t\t\t\t\t\t\t\t\t\t\t\t\t\t\t<div \n\t\t\t\t\t\t\t\t\t\t\t\t\tstyle=\"width:180px;\"\t\t\t\t\t\t\t\t\t\t\t\t\tclass=\"gllr_single_image_text gllr_single_image_text_under\">Kymmenen avoauton ryhm\u00e4 etenee kohti Elim\u00e4ke\u00e4.&nbsp;<\/div>\n\t\t\t\t\t\t\t\t\t\t\t\t\t\t\t\t\t\t\t\t\t\t\t<\/div><!-- .gllr_image_block -->\n\t\t\t\t\t\t\t\t\t\t\t\t\t\t\t\t\t\t\t\t\t<\/div><!-- .gllr_image_row -->\n\t\t\t\t\t\t\t\t\t\t\t\t\t\t\t\t\t\t\t\t\t\t<div class=\"gllr_image_row\">\n\t\t\t\t\t\t\t\t\t\t\t\t\t\t\t\t\t\t\t\t\t<div class=\"gllr_image_block\">\n\t\t\t\t\t\t\t\t\t\t\t\t<p style=\"\n\t\t\t\t\t\t\t\t\t\t\t\twidth:180px;height:140px;\t\t\t\t\t\t\t\t\t\t\t\t\">\n\t\t\t\t\t\t\t\t\t\t\t\t\t\t\t\t\t\t\t\t\t\t\t\t\t\t\t\t<a data-fancybox=\"gallery_fancybox_647\" href=\"https:\/\/kymenautomobiilikerho.fi\/wp\/wp-content\/uploads\/2014\/11\/004-15457a90abef82.jpg\" title=\"L\u00f6ytyss\u00e4 pys\u00e4hdyttiin kuvaustauolle, kokoonkutsuja Jouni Kinnunen Fiatilla johtoautona.\" >\n\t\t\t\t\t\t\t\t\t\t\t\t\t\t\t\t<img decoding=\"async\" width=&quot;160&quot; height=&quot;120&quot; style=\"width:160px; height:120px; border-width: 10px; border-color:#F1F1F1;border: 10px solid #F1F1F1\" alt=\"\" title=\"L\u00f6ytyss\u00e4 pys\u00e4hdyttiin kuvaustauolle, kokoonkutsuja Jouni Kinnunen Fiatilla johtoautona.\" src=\"https:\/\/kymenautomobiilikerho.fi\/wp\/wp-content\/uploads\/2014\/11\/004-15457a90abef82-160x120.jpg\" rel=\"https:\/\/kymenautomobiilikerho.fi\/wp\/wp-content\/uploads\/2014\/11\/004-15457a90abef82.jpg\" \/>\t\t\t\t\t\t\t\t\t\t\t\t\t\t\t<\/a>\n\t\t\t\t\t\t\t\t\t\t\t\t\t\t\t\t\t\t\t\t\t\t\t\t\t\t<\/p>\n\t\t\t\t\t\t\t\t\t\t\t\t\t\t\t\t\t\t\t\t\t\t\t\t\t<div \n\t\t\t\t\t\t\t\t\t\t\t\t\tstyle=\"width:180px;\"\t\t\t\t\t\t\t\t\t\t\t\t\tclass=\"gllr_single_image_text gllr_single_image_text_under\">L\u00f6ytyss\u00e4 pys\u00e4hdyttiin kuvaustauolle, kokoonkutsuja Jouni Kinnunen Fiatilla johtoautona.&nbsp;<\/div>\n\t\t\t\t\t\t\t\t\t\t\t\t\t\t\t\t\t\t\t\t\t\t\t<\/div><!-- .gllr_image_block -->\n\t\t\t\t\t\t\t\t\t\t\t\t\t\t\t\t\t\t\t\t\t<div class=\"gllr_image_block\">\n\t\t\t\t\t\t\t\t\t\t\t\t<p style=\"\n\t\t\t\t\t\t\t\t\t\t\t\twidth:180px;height:140px;\t\t\t\t\t\t\t\t\t\t\t\t\">\n\t\t\t\t\t\t\t\t\t\t\t\t\t\t\t\t\t\t\t\t\t\t\t\t\t\t\t\t<a data-fancybox=\"gallery_fancybox_647\" href=\"https:\/\/kymenautomobiilikerho.fi\/wp\/wp-content\/uploads\/2014\/11\/005-15457a90b177c6.jpg\" title=\"Ajoimme Anjalan Kartanon pihalle kahvikupin toivossa, mutta Kivikuppila oli kiinni.\" >\n\t\t\t\t\t\t\t\t\t\t\t\t\t\t\t\t<img decoding=\"async\" width=&quot;160&quot; height=&quot;120&quot; style=\"width:160px; height:120px; border-width: 10px; border-color:#F1F1F1;border: 10px solid #F1F1F1\" alt=\"\" title=\"Ajoimme Anjalan Kartanon pihalle kahvikupin toivossa, mutta Kivikuppila oli kiinni.\" src=\"https:\/\/kymenautomobiilikerho.fi\/wp\/wp-content\/uploads\/2014\/11\/005-15457a90b177c6-160x120.jpg\" rel=\"https:\/\/kymenautomobiilikerho.fi\/wp\/wp-content\/uploads\/2014\/11\/005-15457a90b177c6.jpg\" \/>\t\t\t\t\t\t\t\t\t\t\t\t\t\t\t<\/a>\n\t\t\t\t\t\t\t\t\t\t\t\t\t\t\t\t\t\t\t\t\t\t\t\t\t\t<\/p>\n\t\t\t\t\t\t\t\t\t\t\t\t\t\t\t\t\t\t\t\t\t\t\t\t\t<div \n\t\t\t\t\t\t\t\t\t\t\t\t\tstyle=\"width:180px;\"\t\t\t\t\t\t\t\t\t\t\t\t\tclass=\"gllr_single_image_text gllr_single_image_text_under\">Ajoimme Anjalan Kartanon pihalle kahvikupin toivossa, mutta Kivikuppila oli kiinni.&nbsp;<\/div>\n\t\t\t\t\t\t\t\t\t\t\t\t\t\t\t\t\t\t\t\t\t\t\t<\/div><!-- .gllr_image_block -->\n\t\t\t\t\t\t\t\t\t\t\t\t\t\t\t\t\t\t\t\t\t<div class=\"gllr_image_block\">\n\t\t\t\t\t\t\t\t\t\t\t\t<p style=\"\n\t\t\t\t\t\t\t\t\t\t\t\twidth:180px;height:140px;\t\t\t\t\t\t\t\t\t\t\t\t\">\n\t\t\t\t\t\t\t\t\t\t\t\t\t\t\t\t\t\t\t\t\t\t\t\t\t\t\t\t<a data-fancybox=\"gallery_fancybox_647\" href=\"https:\/\/kymenautomobiilikerho.fi\/wp\/wp-content\/uploads\/2014\/11\/006-15457a90ae6855.jpg\" title=\"Hienoja avoautoja Kartanon piha-alueella.\" >\n\t\t\t\t\t\t\t\t\t\t\t\t\t\t\t\t<img decoding=\"async\" width=&quot;160&quot; height=&quot;120&quot; style=\"width:160px; height:120px; border-width: 10px; border-color:#F1F1F1;border: 10px solid #F1F1F1\" alt=\"\" title=\"Hienoja avoautoja Kartanon piha-alueella.\" src=\"https:\/\/kymenautomobiilikerho.fi\/wp\/wp-content\/uploads\/2014\/11\/006-15457a90ae6855-160x120.jpg\" rel=\"https:\/\/kymenautomobiilikerho.fi\/wp\/wp-content\/uploads\/2014\/11\/006-15457a90ae6855.jpg\" \/>\t\t\t\t\t\t\t\t\t\t\t\t\t\t\t<\/a>\n\t\t\t\t\t\t\t\t\t\t\t\t\t\t\t\t\t\t\t\t\t\t\t\t\t\t<\/p>\n\t\t\t\t\t\t\t\t\t\t\t\t\t\t\t\t\t\t\t\t\t\t\t\t\t<div \n\t\t\t\t\t\t\t\t\t\t\t\t\tstyle=\"width:180px;\"\t\t\t\t\t\t\t\t\t\t\t\t\tclass=\"gllr_single_image_text gllr_single_image_text_under\">Hienoja avoautoja Kartanon piha-alueella.&nbsp;<\/div>\n\t\t\t\t\t\t\t\t\t\t\t\t\t\t\t\t\t\t\t\t\t\t\t<\/div><!-- .gllr_image_block -->\n\t\t\t\t\t\t\t\t\t\t\t\t\t\t\t\t\t\t\t\t\t<\/div><!-- .gllr_image_row -->\n\t\t\t\t\t\t\t\t\t\t\t\t\t\t\t\t\t\t\t\t\t\t<div class=\"gllr_image_row\">\n\t\t\t\t\t\t\t\t\t\t\t\t\t\t\t\t\t\t\t\t\t<div class=\"gllr_image_block\">\n\t\t\t\t\t\t\t\t\t\t\t\t<p style=\"\n\t\t\t\t\t\t\t\t\t\t\t\twidth:180px;height:140px;\t\t\t\t\t\t\t\t\t\t\t\t\">\n\t\t\t\t\t\t\t\t\t\t\t\t\t\t\t\t\t\t\t\t\t\t\t\t\t\t\t\t<a data-fancybox=\"gallery_fancybox_647\" href=\"https:\/\/kymenautomobiilikerho.fi\/wp\/wp-content\/uploads\/2014\/11\/007-15457a90b582d7.jpg\" title=\"Oldsmobile Delta 88 Convertible ja Mercedes-Benz 380 SL.\" >\n\t\t\t\t\t\t\t\t\t\t\t\t\t\t\t\t<img decoding=\"async\" width=&quot;160&quot; height=&quot;120&quot; style=\"width:160px; height:120px; border-width: 10px; border-color:#F1F1F1;border: 10px solid #F1F1F1\" alt=\"\" title=\"Oldsmobile Delta 88 Convertible ja Mercedes-Benz 380 SL.\" src=\"https:\/\/kymenautomobiilikerho.fi\/wp\/wp-content\/uploads\/2014\/11\/007-15457a90b582d7-160x120.jpg\" rel=\"https:\/\/kymenautomobiilikerho.fi\/wp\/wp-content\/uploads\/2014\/11\/007-15457a90b582d7.jpg\" \/>\t\t\t\t\t\t\t\t\t\t\t\t\t\t\t<\/a>\n\t\t\t\t\t\t\t\t\t\t\t\t\t\t\t\t\t\t\t\t\t\t\t\t\t\t<\/p>\n\t\t\t\t\t\t\t\t\t\t\t\t\t\t\t\t\t\t\t\t\t\t\t\t\t<div \n\t\t\t\t\t\t\t\t\t\t\t\t\tstyle=\"width:180px;\"\t\t\t\t\t\t\t\t\t\t\t\t\tclass=\"gllr_single_image_text gllr_single_image_text_under\">Oldsmobile Delta 88 Convertible ja Mercedes-Benz 380 SL.&nbsp;<\/div>\n\t\t\t\t\t\t\t\t\t\t\t\t\t\t\t\t\t\t\t\t\t\t\t<\/div><!-- .gllr_image_block -->\n\t\t\t\t\t\t\t\t\t\t\t\t\t\t\t\t\t\t\t\t\t<div class=\"gllr_image_block\">\n\t\t\t\t\t\t\t\t\t\t\t\t<p style=\"\n\t\t\t\t\t\t\t\t\t\t\t\twidth:180px;height:140px;\t\t\t\t\t\t\t\t\t\t\t\t\">\n\t\t\t\t\t\t\t\t\t\t\t\t\t\t\t\t\t\t\t\t\t\t\t\t\t\t\t\t<a data-fancybox=\"gallery_fancybox_647\" href=\"https:\/\/kymenautomobiilikerho.fi\/wp\/wp-content\/uploads\/2014\/11\/008-15457a90b37b58.jpg\" title=\"Kahvipaikka l\u00f6ytyi pienen ajelun j\u00e4lkeen Susikosken kahvilasta.\" >\n\t\t\t\t\t\t\t\t\t\t\t\t\t\t\t\t<img decoding=\"async\" width=&quot;160&quot; height=&quot;120&quot; style=\"width:160px; height:120px; border-width: 10px; border-color:#F1F1F1;border: 10px solid #F1F1F1\" alt=\"\" title=\"Kahvipaikka l\u00f6ytyi pienen ajelun j\u00e4lkeen Susikosken kahvilasta.\" src=\"https:\/\/kymenautomobiilikerho.fi\/wp\/wp-content\/uploads\/2014\/11\/008-15457a90b37b58-160x120.jpg\" rel=\"https:\/\/kymenautomobiilikerho.fi\/wp\/wp-content\/uploads\/2014\/11\/008-15457a90b37b58.jpg\" \/>\t\t\t\t\t\t\t\t\t\t\t\t\t\t\t<\/a>\n\t\t\t\t\t\t\t\t\t\t\t\t\t\t\t\t\t\t\t\t\t\t\t\t\t\t<\/p>\n\t\t\t\t\t\t\t\t\t\t\t\t\t\t\t\t\t\t\t\t\t\t\t\t\t<div \n\t\t\t\t\t\t\t\t\t\t\t\t\tstyle=\"width:180px;\"\t\t\t\t\t\t\t\t\t\t\t\t\tclass=\"gllr_single_image_text gllr_single_image_text_under\">Kahvipaikka l\u00f6ytyi pienen ajelun j\u00e4lkeen Susikosken kahvilasta.&nbsp;<\/div>\n\t\t\t\t\t\t\t\t\t\t\t\t\t\t\t\t\t\t\t\t\t\t\t<\/div><!-- .gllr_image_block -->\n\t\t\t\t\t\t\t\t\t\t\t\t\t\t\t\t\t\t\t\t\t<div class=\"gllr_image_block\">\n\t\t\t\t\t\t\t\t\t\t\t\t<p style=\"\n\t\t\t\t\t\t\t\t\t\t\t\twidth:180px;height:140px;\t\t\t\t\t\t\t\t\t\t\t\t\">\n\t\t\t\t\t\t\t\t\t\t\t\t\t\t\t\t\t\t\t\t\t\t\t\t\t\t\t\t<a data-fancybox=\"gallery_fancybox_647\" href=\"https:\/\/kymenautomobiilikerho.fi\/wp\/wp-content\/uploads\/2014\/11\/0095457a90b78294.jpg\" title=\"Oldsmobile avoauto, onko t\u00e4m\u00e4 se maantielaiva?\" >\n\t\t\t\t\t\t\t\t\t\t\t\t\t\t\t\t<img decoding=\"async\" width=&quot;160&quot; height=&quot;120&quot; style=\"width:160px; height:120px; border-width: 10px; border-color:#F1F1F1;border: 10px solid #F1F1F1\" alt=\"\" title=\"Oldsmobile avoauto, onko t\u00e4m\u00e4 se maantielaiva?\" src=\"https:\/\/kymenautomobiilikerho.fi\/wp\/wp-content\/uploads\/2014\/11\/0095457a90b78294-160x120.jpg\" rel=\"https:\/\/kymenautomobiilikerho.fi\/wp\/wp-content\/uploads\/2014\/11\/0095457a90b78294.jpg\" \/>\t\t\t\t\t\t\t\t\t\t\t\t\t\t\t<\/a>\n\t\t\t\t\t\t\t\t\t\t\t\t\t\t\t\t\t\t\t\t\t\t\t\t\t\t<\/p>\n\t\t\t\t\t\t\t\t\t\t\t\t\t\t\t\t\t\t\t\t\t\t\t\t\t<div \n\t\t\t\t\t\t\t\t\t\t\t\t\tstyle=\"width:180px;\"\t\t\t\t\t\t\t\t\t\t\t\t\tclass=\"gllr_single_image_text gllr_single_image_text_under\">Oldsmobile avoauto, onko t\u00e4m\u00e4 se maantielaiva?&nbsp;<\/div>\n\t\t\t\t\t\t\t\t\t\t\t\t\t\t\t\t\t\t\t\t\t\t\t<\/div><!-- .gllr_image_block -->\n\t\t\t\t\t\t\t\t\t\t\t\t\t\t\t\t\t\t\t\t\t<\/div><!-- .gllr_image_row -->\n\t\t\t\t\t\t\t\t\t\t\t\t\t\t\t\t\t\t\t\t\t\t<div class=\"gllr_image_row\">\n\t\t\t\t\t\t\t\t\t\t\t\t\t\t\t\t\t\t\t\t\t<div class=\"gllr_image_block\">\n\t\t\t\t\t\t\t\t\t\t\t\t<p style=\"\n\t\t\t\t\t\t\t\t\t\t\t\twidth:180px;height:140px;\t\t\t\t\t\t\t\t\t\t\t\t\">\n\t\t\t\t\t\t\t\t\t\t\t\t\t\t\t\t\t\t\t\t\t\t\t\t\t\t\t\t<a data-fancybox=\"gallery_fancybox_647\" href=\"https:\/\/kymenautomobiilikerho.fi\/wp\/wp-content\/uploads\/2014\/11\/0105457a90b94b9c.jpg\" title=\"Kyll\u00e4 kelpaa Mustangilla ajella kun aurinko paistaa.\" >\n\t\t\t\t\t\t\t\t\t\t\t\t\t\t\t\t<img decoding=\"async\" width=&quot;160&quot; height=&quot;120&quot; style=\"width:160px; height:120px; border-width: 10px; border-color:#F1F1F1;border: 10px solid #F1F1F1\" alt=\"\" title=\"Kyll\u00e4 kelpaa Mustangilla ajella kun aurinko paistaa.\" src=\"https:\/\/kymenautomobiilikerho.fi\/wp\/wp-content\/uploads\/2014\/11\/0105457a90b94b9c-160x120.jpg\" rel=\"https:\/\/kymenautomobiilikerho.fi\/wp\/wp-content\/uploads\/2014\/11\/0105457a90b94b9c.jpg\" \/>\t\t\t\t\t\t\t\t\t\t\t\t\t\t\t<\/a>\n\t\t\t\t\t\t\t\t\t\t\t\t\t\t\t\t\t\t\t\t\t\t\t\t\t\t<\/p>\n\t\t\t\t\t\t\t\t\t\t\t\t\t\t\t\t\t\t\t\t\t\t\t\t\t<div \n\t\t\t\t\t\t\t\t\t\t\t\t\tstyle=\"width:180px;\"\t\t\t\t\t\t\t\t\t\t\t\t\tclass=\"gllr_single_image_text gllr_single_image_text_under\">Kyll\u00e4 kelpaa Mustangilla ajella kun aurinko paistaa.&nbsp;<\/div>\n\t\t\t\t\t\t\t\t\t\t\t\t\t\t\t\t\t\t\t\t\t\t\t<\/div><!-- .gllr_image_block -->\n\t\t\t\t\t\t\t\t\t\t\t\t\t\t\t\t\t\t\t\t\t<div class=\"clear\"><\/div>\n\t\t\t\t\t\t\t\t\t\t<\/div><!-- .gllr_image_row -->\n\t\t\t\t\t\t\t\t\t\t\t\t\t\t\t\t\t<\/div><!-- .gallery.clearfix -->\n\t\t\t\t\t\t\t\t\t\t\t\t\t\t<\/div><!-- .gallery_box_single -->\n\t\t\t\t\t\t<div class=\"gllr_clear\"><\/div>\n\t\t\t\t\t\t<\/p>\n","protected":false},"excerpt":{"rendered":"<p>&nbsp; Taivas kattona &nbsp; Tiistaina 14.7. kokoontui Korian hallille kymmenen kerhon avoautoilijaa letka-ajon merkeiss\u00e4. Hallilta startattiin kello 18 ajoreitin kulkiessa halki kauniiden Pohjois-Kymenlaakson maalaismaisemien. Ajon aikana pys\u00e4hdyttiin ryhm\u00e4kuvaa varten ja toisen kerran tauolle Anjalassa. Maalina oli Susikosken sillan kupeessa oleva&hellip; <a href=\"https:\/\/kymenautomobiilikerho.fi\/wp\/gallery\/647-2\/\" class=\"more-link\">Continue Reading <span class=\"meta-nav\">&rarr;<\/span><\/a><\/p>\n","protected":false},"author":1,"featured_media":0,"parent":0,"menu_order":0,"comment_status":"closed","ping_status":"closed","template":"page-template-full.php","meta":{"footnotes":""},"class_list":["post-102","page","type-page","status-publish","hentry"],"_links":{"self":[{"href":"https:\/\/kymenautomobiilikerho.fi\/wp\/wp-json\/wp\/v2\/pages\/102","targetHints":{"allow":["GET"]}}],"collection":[{"href":"https:\/\/kymenautomobiilikerho.fi\/wp\/wp-json\/wp\/v2\/pages"}],"about":[{"href":"https:\/\/kymenautomobiilikerho.fi\/wp\/wp-json\/wp\/v2\/types\/page"}],"author":[{"embeddable":true,"href":"https:\/\/kymenautomobiilikerho.fi\/wp\/wp-json\/wp\/v2\/users\/1"}],"replies":[{"embeddable":true,"href":"https:\/\/kymenautomobiilikerho.fi\/wp\/wp-json\/wp\/v2\/comments?post=102"}],"version-history":[{"count":3,"href":"https:\/\/kymenautomobiilikerho.fi\/wp\/wp-json\/wp\/v2\/pages\/102\/revisions"}],"predecessor-version":[{"id":659,"href":"https:\/\/kymenautomobiilikerho.fi\/wp\/wp-json\/wp\/v2\/pages\/102\/revisions\/659"}],"wp:attachment":[{"href":"https:\/\/kymenautomobiilikerho.fi\/wp\/wp-json\/wp\/v2\/media?parent=102"}],"curies":[{"name":"wp","href":"https:\/\/api.w.org\/{rel}","templated":true}]}}