{"id":741,"date":"2014-11-20T16:41:27","date_gmt":"2014-11-20T13:41:27","guid":{"rendered":"http:\/\/kymenautomobiilikerho.fi\/wp\/?page_id=741"},"modified":"2014-11-20T17:34:37","modified_gmt":"2014-11-20T14:34:37","slug":"pikkujoulut-2014","status":"publish","type":"page","link":"https:\/\/kymenautomobiilikerho.fi\/wp\/pikkujoulut-2014\/","title":{"rendered":"Pikkujoulut 2014"},"content":{"rendered":"<p>Kerhon pikkujoulua vietettiin lauantaina 15. marraskuuta WHD G\u00e5rd:n tiloissa M\u00e4ntyharjun Nurmaalla (http:\/\/www.woikoskiheliosdressage.fi\/). Aiemmista vuosista poiketen ohjelma alkoi jo klo 15. Tervetulokahvien lomassa meille esiteltiin kartanon historiaa ja nykytilaa edelt\u00e4neit\u00e4 muutost\u00f6it\u00e4. Kahvien j\u00e4lkeen tehtiin alueella k\u00e4velykierros, jonka yhteydess\u00e4 tutustuttiin majoitustiloihin, maneesiin ja hevosten kuntoutustiloihin. Kierrokselta palattiin automuseolle, miss\u00e4 saimme kuulla oppaan kertomana autojen taustoista ja niiden liittymisest\u00e4 Woikosken historiaan. Noin klo 17.00 siirryimme illalliselle Ravintola Hilupilttuuseen. Illan ohjelma alkoi naistoimikunnan j\u00e4senten hauskalla lauluesityksell\u00e4, jossa tutun joululaulun sanat oli vaihdettu mobilistihenkisiksi. Illallisen j\u00e4lkeen jatkettiin perinteisell\u00e4 arpojen myynnill\u00e4, arvonnalla ja viimeisen\u00e4 kinkkuarvonnalla, jonka voitti Sari Ravi Haminasta. Illan p\u00e4\u00e4tteeksi muutamat p\u00e4\u00e4siv\u00e4t viel\u00e4 avaamaan \u00e4\u00e4nt\u00e4\u00e4n karaokesolisteina. Paluumatkalle l\u00e4hdettiin noin klo 20.30.<br \/>\n&nbsp;<br \/>\nPikkujoulun paikat t\u00e4yttyiv\u00e4t jo l\u00e4hes kaksi viikkoa ennen ilmoittautumisajan p\u00e4\u00e4ttymist\u00e4. Valitettavasti t\u00e4ll\u00e4 kerralla ei voitu ottaa mukaan kaikkia halukkaita, sill\u00e4 ravintolan koko rajoitti henkil\u00f6m\u00e4\u00e4r\u00e4\u00e4.<br \/>\n&nbsp;<br \/>\n\t\t\t\t\t\t<div class=\"gallery_box_single\">\n\t\t\t\t\t\t\t\t\t\t\t\t\t\t\t<div class=\"gallery gllr_grid\" data-gllr-columns=\"3\" data-gllr-border-width=\"10\">\n\t\t\t\t\t\t\t\t\t\t\t\t\t\t\t\t\t\t\t\t<div class=\"gllr_image_row\">\n\t\t\t\t\t\t\t\t\t\t\t\t\t\t\t\t\t\t\t\t\t<div class=\"gllr_image_block\">\n\t\t\t\t\t\t\t\t\t\t\t\t<p style=\"\n\t\t\t\t\t\t\t\t\t\t\t\twidth:180px;height:140px;\t\t\t\t\t\t\t\t\t\t\t\t\">\n\t\t\t\t\t\t\t\t\t\t\t\t\t\t\t\t\t\t\t\t\t\t\t\t\t\t\t\t<a data-fancybox=\"gallery_fancybox_762\" href=\"https:\/\/kymenautomobiilikerho.fi\/wp\/wp-content\/uploads\/2014\/11\/IMG_3021-1024x768.jpg\" title=\"Bussi purkaa pikkujouluv\u00e4en automuseon pihaan\" >\n\t\t\t\t\t\t\t\t\t\t\t\t\t\t\t\t<img decoding=\"async\" width=&quot;160&quot; height=&quot;120&quot; style=\"width:160px; height:120px; border-width: 10px; border-color:#F1F1F1;border: 10px solid #F1F1F1\" alt=\"\" title=\"Bussi purkaa pikkujouluv\u00e4en automuseon pihaan\" src=\"https:\/\/kymenautomobiilikerho.fi\/wp\/wp-content\/uploads\/2014\/11\/IMG_3021-160x120.jpg\" rel=\"https:\/\/kymenautomobiilikerho.fi\/wp\/wp-content\/uploads\/2014\/11\/IMG_3021.JPG\" \/>\t\t\t\t\t\t\t\t\t\t\t\t\t\t\t<\/a>\n\t\t\t\t\t\t\t\t\t\t\t\t\t\t\t\t\t\t\t\t\t\t\t\t\t\t<\/p>\n\t\t\t\t\t\t\t\t\t\t\t\t\t\t\t\t\t\t\t\t\t\t\t\t\t<div \n\t\t\t\t\t\t\t\t\t\t\t\t\tstyle=\"width:180px;\"\t\t\t\t\t\t\t\t\t\t\t\t\tclass=\"gllr_single_image_text gllr_single_image_text_under\">Bussi purkaa pikkujouluv\u00e4en automuseon pihaan&nbsp;<\/div>\n\t\t\t\t\t\t\t\t\t\t\t\t\t\t\t\t\t\t\t\t\t\t\t<\/div><!-- .gllr_image_block -->\n\t\t\t\t\t\t\t\t\t\t\t\t\t\t\t\t\t\t\t\t\t<div class=\"gllr_image_block\">\n\t\t\t\t\t\t\t\t\t\t\t\t<p style=\"\n\t\t\t\t\t\t\t\t\t\t\t\twidth:180px;height:140px;\t\t\t\t\t\t\t\t\t\t\t\t\">\n\t\t\t\t\t\t\t\t\t\t\t\t\t\t\t\t\t\t\t\t\t\t\t\t\t\t\t\t<a data-fancybox=\"gallery_fancybox_762\" href=\"https:\/\/kymenautomobiilikerho.fi\/wp\/wp-content\/uploads\/2014\/11\/IMG_3031-1024x768.jpg\" title=\"Tilaisuus aloitettiin tulokahveilla ja WHD G\u00e5rdin esittelyll\u00e4\" >\n\t\t\t\t\t\t\t\t\t\t\t\t\t\t\t\t<img decoding=\"async\" width=&quot;160&quot; height=&quot;120&quot; style=\"width:160px; height:120px; border-width: 10px; border-color:#F1F1F1;border: 10px solid #F1F1F1\" alt=\"\" title=\"Tilaisuus aloitettiin tulokahveilla ja WHD G\u00e5rdin esittelyll\u00e4\" src=\"https:\/\/kymenautomobiilikerho.fi\/wp\/wp-content\/uploads\/2014\/11\/IMG_3031-160x120.jpg\" rel=\"https:\/\/kymenautomobiilikerho.fi\/wp\/wp-content\/uploads\/2014\/11\/IMG_3031.JPG\" \/>\t\t\t\t\t\t\t\t\t\t\t\t\t\t\t<\/a>\n\t\t\t\t\t\t\t\t\t\t\t\t\t\t\t\t\t\t\t\t\t\t\t\t\t\t<\/p>\n\t\t\t\t\t\t\t\t\t\t\t\t\t\t\t\t\t\t\t\t\t\t\t\t\t<div \n\t\t\t\t\t\t\t\t\t\t\t\t\tstyle=\"width:180px;\"\t\t\t\t\t\t\t\t\t\t\t\t\tclass=\"gllr_single_image_text gllr_single_image_text_under\">Tilaisuus aloitettiin tulokahveilla ja WHD G\u00e5rdin esittelyll\u00e4&nbsp;<\/div>\n\t\t\t\t\t\t\t\t\t\t\t\t\t\t\t\t\t\t\t\t\t\t\t<\/div><!-- .gllr_image_block -->\n\t\t\t\t\t\t\t\t\t\t\t\t\t\t\t\t\t\t\t\t\t<div class=\"gllr_image_block\">\n\t\t\t\t\t\t\t\t\t\t\t\t<p style=\"\n\t\t\t\t\t\t\t\t\t\t\t\twidth:180px;height:140px;\t\t\t\t\t\t\t\t\t\t\t\t\">\n\t\t\t\t\t\t\t\t\t\t\t\t\t\t\t\t\t\t\t\t\t\t\t\t\t\t\t\t<a data-fancybox=\"gallery_fancybox_762\" href=\"https:\/\/kymenautomobiilikerho.fi\/wp\/wp-content\/uploads\/2014\/11\/IMG_3043-768x1024.jpg\" title=\"Oppaana ja esittelij\u00e4n\u00e4 toimi Pehtorinna Piia Teitto\" >\n\t\t\t\t\t\t\t\t\t\t\t\t\t\t\t\t<img decoding=\"async\" width=&quot;160&quot; height=&quot;120&quot; style=\"width:160px; height:120px; border-width: 10px; border-color:#F1F1F1;border: 10px solid #F1F1F1\" alt=\"\" title=\"Oppaana ja esittelij\u00e4n\u00e4 toimi Pehtorinna Piia Teitto\" src=\"https:\/\/kymenautomobiilikerho.fi\/wp\/wp-content\/uploads\/2014\/11\/IMG_3043-160x120.jpg\" rel=\"https:\/\/kymenautomobiilikerho.fi\/wp\/wp-content\/uploads\/2014\/11\/IMG_3043.JPG\" \/>\t\t\t\t\t\t\t\t\t\t\t\t\t\t\t<\/a>\n\t\t\t\t\t\t\t\t\t\t\t\t\t\t\t\t\t\t\t\t\t\t\t\t\t\t<\/p>\n\t\t\t\t\t\t\t\t\t\t\t\t\t\t\t\t\t\t\t\t\t\t\t\t\t<div \n\t\t\t\t\t\t\t\t\t\t\t\t\tstyle=\"width:180px;\"\t\t\t\t\t\t\t\t\t\t\t\t\tclass=\"gllr_single_image_text gllr_single_image_text_under\">Oppaana ja esittelij\u00e4n\u00e4 toimi Pehtorinna Piia Teitto&nbsp;<\/div>\n\t\t\t\t\t\t\t\t\t\t\t\t\t\t\t\t\t\t\t\t\t\t\t<\/div><!-- .gllr_image_block -->\n\t\t\t\t\t\t\t\t\t\t\t\t\t\t\t\t\t\t\t\t\t<\/div><!-- .gllr_image_row -->\n\t\t\t\t\t\t\t\t\t\t\t\t\t\t\t\t\t\t\t\t\t\t<div class=\"gllr_image_row\">\n\t\t\t\t\t\t\t\t\t\t\t\t\t\t\t\t\t\t\t\t\t<div class=\"gllr_image_block\">\n\t\t\t\t\t\t\t\t\t\t\t\t<p style=\"\n\t\t\t\t\t\t\t\t\t\t\t\twidth:180px;height:140px;\t\t\t\t\t\t\t\t\t\t\t\t\">\n\t\t\t\t\t\t\t\t\t\t\t\t\t\t\t\t\t\t\t\t\t\t\t\t\t\t\t\t<a data-fancybox=\"gallery_fancybox_762\" href=\"https:\/\/kymenautomobiilikerho.fi\/wp\/wp-content\/uploads\/2014\/11\/IMG_3045-1024x477.jpg\" title=\"Bussimme automuseon edess\u00e4. Pekkolan pariskunta Raussilasta saapui hienosti Anglialla\" >\n\t\t\t\t\t\t\t\t\t\t\t\t\t\t\t\t<img decoding=\"async\" width=&quot;160&quot; height=&quot;120&quot; style=\"width:160px; height:120px; border-width: 10px; border-color:#F1F1F1;border: 10px solid #F1F1F1\" alt=\"\" title=\"Bussimme automuseon edess\u00e4. Pekkolan pariskunta Raussilasta saapui hienosti Anglialla\" src=\"https:\/\/kymenautomobiilikerho.fi\/wp\/wp-content\/uploads\/2014\/11\/IMG_3045-160x120.jpg\" rel=\"https:\/\/kymenautomobiilikerho.fi\/wp\/wp-content\/uploads\/2014\/11\/IMG_3045.JPG\" \/>\t\t\t\t\t\t\t\t\t\t\t\t\t\t\t<\/a>\n\t\t\t\t\t\t\t\t\t\t\t\t\t\t\t\t\t\t\t\t\t\t\t\t\t\t<\/p>\n\t\t\t\t\t\t\t\t\t\t\t\t\t\t\t\t\t\t\t\t\t\t\t\t\t<div \n\t\t\t\t\t\t\t\t\t\t\t\t\tstyle=\"width:180px;\"\t\t\t\t\t\t\t\t\t\t\t\t\tclass=\"gllr_single_image_text gllr_single_image_text_under\">Bussimme automuseon edess\u00e4. Pekkolan pariskunta Raussilasta saapui hienosti Anglialla&nbsp;<\/div>\n\t\t\t\t\t\t\t\t\t\t\t\t\t\t\t\t\t\t\t\t\t\t\t<\/div><!-- .gllr_image_block -->\n\t\t\t\t\t\t\t\t\t\t\t\t\t\t\t\t\t\t\t\t\t<div class=\"gllr_image_block\">\n\t\t\t\t\t\t\t\t\t\t\t\t<p style=\"\n\t\t\t\t\t\t\t\t\t\t\t\twidth:180px;height:140px;\t\t\t\t\t\t\t\t\t\t\t\t\">\n\t\t\t\t\t\t\t\t\t\t\t\t\t\t\t\t\t\t\t\t\t\t\t\t\t\t\t\t<a data-fancybox=\"gallery_fancybox_762\" href=\"https:\/\/kymenautomobiilikerho.fi\/wp\/wp-content\/uploads\/2014\/11\/IMG_3046-1024x768.jpg\" title=\"T\u00e4ss\u00e4 tutustutaan GuestHousen majoitustiloihin\" >\n\t\t\t\t\t\t\t\t\t\t\t\t\t\t\t\t<img decoding=\"async\" width=&quot;160&quot; height=&quot;120&quot; style=\"width:160px; height:120px; border-width: 10px; border-color:#F1F1F1;border: 10px solid #F1F1F1\" alt=\"\" title=\"T\u00e4ss\u00e4 tutustutaan GuestHousen majoitustiloihin\" src=\"https:\/\/kymenautomobiilikerho.fi\/wp\/wp-content\/uploads\/2014\/11\/IMG_3046-160x120.jpg\" rel=\"https:\/\/kymenautomobiilikerho.fi\/wp\/wp-content\/uploads\/2014\/11\/IMG_3046.JPG\" \/>\t\t\t\t\t\t\t\t\t\t\t\t\t\t\t<\/a>\n\t\t\t\t\t\t\t\t\t\t\t\t\t\t\t\t\t\t\t\t\t\t\t\t\t\t<\/p>\n\t\t\t\t\t\t\t\t\t\t\t\t\t\t\t\t\t\t\t\t\t\t\t\t\t<div \n\t\t\t\t\t\t\t\t\t\t\t\t\tstyle=\"width:180px;\"\t\t\t\t\t\t\t\t\t\t\t\t\tclass=\"gllr_single_image_text gllr_single_image_text_under\">T\u00e4ss\u00e4 tutustutaan GuestHousen majoitustiloihin&nbsp;<\/div>\n\t\t\t\t\t\t\t\t\t\t\t\t\t\t\t\t\t\t\t\t\t\t\t<\/div><!-- .gllr_image_block -->\n\t\t\t\t\t\t\t\t\t\t\t\t\t\t\t\t\t\t\t\t\t<div class=\"gllr_image_block\">\n\t\t\t\t\t\t\t\t\t\t\t\t<p style=\"\n\t\t\t\t\t\t\t\t\t\t\t\twidth:180px;height:140px;\t\t\t\t\t\t\t\t\t\t\t\t\">\n\t\t\t\t\t\t\t\t\t\t\t\t\t\t\t\t\t\t\t\t\t\t\t\t\t\t\t\t<a data-fancybox=\"gallery_fancybox_762\" href=\"https:\/\/kymenautomobiilikerho.fi\/wp\/wp-content\/uploads\/2014\/11\/IMG_3062-1024x768.jpg\" title=\"Ryhm\u00e4mme kuvattuna maneesin peilin kautta. Peilit on asennettu kouluratsastuksen harjoittelua varten\" >\n\t\t\t\t\t\t\t\t\t\t\t\t\t\t\t\t<img decoding=\"async\" width=&quot;160&quot; height=&quot;120&quot; style=\"width:160px; height:120px; border-width: 10px; border-color:#F1F1F1;border: 10px solid #F1F1F1\" alt=\"\" title=\"Ryhm\u00e4mme kuvattuna maneesin peilin kautta. Peilit on asennettu kouluratsastuksen harjoittelua varten\" src=\"https:\/\/kymenautomobiilikerho.fi\/wp\/wp-content\/uploads\/2014\/11\/IMG_3062-160x120.jpg\" rel=\"https:\/\/kymenautomobiilikerho.fi\/wp\/wp-content\/uploads\/2014\/11\/IMG_3062.JPG\" \/>\t\t\t\t\t\t\t\t\t\t\t\t\t\t\t<\/a>\n\t\t\t\t\t\t\t\t\t\t\t\t\t\t\t\t\t\t\t\t\t\t\t\t\t\t<\/p>\n\t\t\t\t\t\t\t\t\t\t\t\t\t\t\t\t\t\t\t\t\t\t\t\t\t<div \n\t\t\t\t\t\t\t\t\t\t\t\t\tstyle=\"width:180px;\"\t\t\t\t\t\t\t\t\t\t\t\t\tclass=\"gllr_single_image_text gllr_single_image_text_under\">Ryhm\u00e4mme kuvattuna maneesin peilin kautta. Peilit on asennettu kouluratsastuksen harjoittelua varten&nbsp;<\/div>\n\t\t\t\t\t\t\t\t\t\t\t\t\t\t\t\t\t\t\t\t\t\t\t<\/div><!-- .gllr_image_block -->\n\t\t\t\t\t\t\t\t\t\t\t\t\t\t\t\t\t\t\t\t\t<\/div><!-- .gllr_image_row -->\n\t\t\t\t\t\t\t\t\t\t\t\t\t\t\t\t\t\t\t\t\t\t<div class=\"gllr_image_row\">\n\t\t\t\t\t\t\t\t\t\t\t\t\t\t\t\t\t\t\t\t\t<div class=\"gllr_image_block\">\n\t\t\t\t\t\t\t\t\t\t\t\t<p style=\"\n\t\t\t\t\t\t\t\t\t\t\t\twidth:180px;height:140px;\t\t\t\t\t\t\t\t\t\t\t\t\">\n\t\t\t\t\t\t\t\t\t\t\t\t\t\t\t\t\t\t\t\t\t\t\t\t\t\t\t\t<a data-fancybox=\"gallery_fancybox_762\" href=\"https:\/\/kymenautomobiilikerho.fi\/wp\/wp-content\/uploads\/2014\/11\/IMG_3063-768x1024.jpg\" title=\"Alueella on tyylik\u00e4s viitoitus vanhaan malliin\" >\n\t\t\t\t\t\t\t\t\t\t\t\t\t\t\t\t<img decoding=\"async\" width=&quot;160&quot; height=&quot;120&quot; style=\"width:160px; height:120px; border-width: 10px; border-color:#F1F1F1;border: 10px solid #F1F1F1\" alt=\"\" title=\"Alueella on tyylik\u00e4s viitoitus vanhaan malliin\" src=\"https:\/\/kymenautomobiilikerho.fi\/wp\/wp-content\/uploads\/2014\/11\/IMG_3063-160x120.jpg\" rel=\"https:\/\/kymenautomobiilikerho.fi\/wp\/wp-content\/uploads\/2014\/11\/IMG_3063.JPG\" \/>\t\t\t\t\t\t\t\t\t\t\t\t\t\t\t<\/a>\n\t\t\t\t\t\t\t\t\t\t\t\t\t\t\t\t\t\t\t\t\t\t\t\t\t\t<\/p>\n\t\t\t\t\t\t\t\t\t\t\t\t\t\t\t\t\t\t\t\t\t\t\t\t\t<div \n\t\t\t\t\t\t\t\t\t\t\t\t\tstyle=\"width:180px;\"\t\t\t\t\t\t\t\t\t\t\t\t\tclass=\"gllr_single_image_text gllr_single_image_text_under\">Alueella on tyylik\u00e4s viitoitus vanhaan malliin&nbsp;<\/div>\n\t\t\t\t\t\t\t\t\t\t\t\t\t\t\t\t\t\t\t\t\t\t\t<\/div><!-- .gllr_image_block -->\n\t\t\t\t\t\t\t\t\t\t\t\t\t\t\t\t\t\t\t\t\t<div class=\"gllr_image_block\">\n\t\t\t\t\t\t\t\t\t\t\t\t<p style=\"\n\t\t\t\t\t\t\t\t\t\t\t\twidth:180px;height:140px;\t\t\t\t\t\t\t\t\t\t\t\t\">\n\t\t\t\t\t\t\t\t\t\t\t\t\t\t\t\t\t\t\t\t\t\t\t\t\t\t\t\t<a data-fancybox=\"gallery_fancybox_762\" href=\"https:\/\/kymenautomobiilikerho.fi\/wp\/wp-content\/uploads\/2014\/11\/IMG_3072-1024x768.jpg\" title=\"Hevosten kuntoutustilat ovat nykyaikaiset ja eritt\u00e4in siistit. Etualalla vesijuoksumatto\" >\n\t\t\t\t\t\t\t\t\t\t\t\t\t\t\t\t<img decoding=\"async\" width=&quot;160&quot; height=&quot;120&quot; style=\"width:160px; height:120px; border-width: 10px; border-color:#F1F1F1;border: 10px solid #F1F1F1\" alt=\"\" title=\"Hevosten kuntoutustilat ovat nykyaikaiset ja eritt\u00e4in siistit. Etualalla vesijuoksumatto\" src=\"https:\/\/kymenautomobiilikerho.fi\/wp\/wp-content\/uploads\/2014\/11\/IMG_3072-160x120.jpg\" rel=\"https:\/\/kymenautomobiilikerho.fi\/wp\/wp-content\/uploads\/2014\/11\/IMG_3072.JPG\" \/>\t\t\t\t\t\t\t\t\t\t\t\t\t\t\t<\/a>\n\t\t\t\t\t\t\t\t\t\t\t\t\t\t\t\t\t\t\t\t\t\t\t\t\t\t<\/p>\n\t\t\t\t\t\t\t\t\t\t\t\t\t\t\t\t\t\t\t\t\t\t\t\t\t<div \n\t\t\t\t\t\t\t\t\t\t\t\t\tstyle=\"width:180px;\"\t\t\t\t\t\t\t\t\t\t\t\t\tclass=\"gllr_single_image_text gllr_single_image_text_under\">Hevosten kuntoutustilat ovat nykyaikaiset ja eritt\u00e4in siistit. Etualalla vesijuoksumatto&nbsp;<\/div>\n\t\t\t\t\t\t\t\t\t\t\t\t\t\t\t\t\t\t\t\t\t\t\t<\/div><!-- .gllr_image_block -->\n\t\t\t\t\t\t\t\t\t\t\t\t\t\t\t\t\t\t\t\t\t<div class=\"gllr_image_block\">\n\t\t\t\t\t\t\t\t\t\t\t\t<p style=\"\n\t\t\t\t\t\t\t\t\t\t\t\twidth:180px;height:140px;\t\t\t\t\t\t\t\t\t\t\t\t\">\n\t\t\t\t\t\t\t\t\t\t\t\t\t\t\t\t\t\t\t\t\t\t\t\t\t\t\t\t<a data-fancybox=\"gallery_fancybox_762\" href=\"https:\/\/kymenautomobiilikerho.fi\/wp\/wp-content\/uploads\/2014\/11\/IMG_3075-768x1024.jpg\" title=\"Pitih\u00e4n vieraiden p\u00e4\u00e4st\u00e4 kokeilemaan my\u00f6s solariumia\" >\n\t\t\t\t\t\t\t\t\t\t\t\t\t\t\t\t<img decoding=\"async\" width=&quot;160&quot; height=&quot;120&quot; style=\"width:160px; height:120px; border-width: 10px; border-color:#F1F1F1;border: 10px solid #F1F1F1\" alt=\"\" title=\"Pitih\u00e4n vieraiden p\u00e4\u00e4st\u00e4 kokeilemaan my\u00f6s solariumia\" src=\"https:\/\/kymenautomobiilikerho.fi\/wp\/wp-content\/uploads\/2014\/11\/IMG_3075-160x120.jpg\" rel=\"https:\/\/kymenautomobiilikerho.fi\/wp\/wp-content\/uploads\/2014\/11\/IMG_3075.JPG\" \/>\t\t\t\t\t\t\t\t\t\t\t\t\t\t\t<\/a>\n\t\t\t\t\t\t\t\t\t\t\t\t\t\t\t\t\t\t\t\t\t\t\t\t\t\t<\/p>\n\t\t\t\t\t\t\t\t\t\t\t\t\t\t\t\t\t\t\t\t\t\t\t\t\t<div \n\t\t\t\t\t\t\t\t\t\t\t\t\tstyle=\"width:180px;\"\t\t\t\t\t\t\t\t\t\t\t\t\tclass=\"gllr_single_image_text gllr_single_image_text_under\">Pitih\u00e4n vieraiden p\u00e4\u00e4st\u00e4 kokeilemaan my\u00f6s solariumia&nbsp;<\/div>\n\t\t\t\t\t\t\t\t\t\t\t\t\t\t\t\t\t\t\t\t\t\t\t<\/div><!-- .gllr_image_block -->\n\t\t\t\t\t\t\t\t\t\t\t\t\t\t\t\t\t\t\t\t\t<\/div><!-- .gllr_image_row -->\n\t\t\t\t\t\t\t\t\t\t\t\t\t\t\t\t\t\t\t\t\t\t<div class=\"gllr_image_row\">\n\t\t\t\t\t\t\t\t\t\t\t\t\t\t\t\t\t\t\t\t\t<div class=\"gllr_image_block\">\n\t\t\t\t\t\t\t\t\t\t\t\t<p style=\"\n\t\t\t\t\t\t\t\t\t\t\t\twidth:180px;height:140px;\t\t\t\t\t\t\t\t\t\t\t\t\">\n\t\t\t\t\t\t\t\t\t\t\t\t\t\t\t\t\t\t\t\t\t\t\t\t\t\t\t\t<a data-fancybox=\"gallery_fancybox_762\" href=\"https:\/\/kymenautomobiilikerho.fi\/wp\/wp-content\/uploads\/2014\/11\/IMG_3088-768x1024.jpg\" title=\"Mersumiehill\u00e4 Laakkosen Pentill\u00e4 (vas.) ja Ravin Eerolla n\u00e4ytt\u00e4\u00e4 olevan jokin t\u00e4rke\u00e4 asia mietinn\u00e4ss\u00e4\" >\n\t\t\t\t\t\t\t\t\t\t\t\t\t\t\t\t<img decoding=\"async\" width=&quot;160&quot; height=&quot;120&quot; style=\"width:160px; height:120px; border-width: 10px; border-color:#F1F1F1;border: 10px solid #F1F1F1\" alt=\"\" title=\"Mersumiehill\u00e4 Laakkosen Pentill\u00e4 (vas.) ja Ravin Eerolla n\u00e4ytt\u00e4\u00e4 olevan jokin t\u00e4rke\u00e4 asia mietinn\u00e4ss\u00e4\" src=\"https:\/\/kymenautomobiilikerho.fi\/wp\/wp-content\/uploads\/2014\/11\/IMG_3088-160x120.jpg\" rel=\"https:\/\/kymenautomobiilikerho.fi\/wp\/wp-content\/uploads\/2014\/11\/IMG_3088.JPG\" \/>\t\t\t\t\t\t\t\t\t\t\t\t\t\t\t<\/a>\n\t\t\t\t\t\t\t\t\t\t\t\t\t\t\t\t\t\t\t\t\t\t\t\t\t\t<\/p>\n\t\t\t\t\t\t\t\t\t\t\t\t\t\t\t\t\t\t\t\t\t\t\t\t\t<div \n\t\t\t\t\t\t\t\t\t\t\t\t\tstyle=\"width:180px;\"\t\t\t\t\t\t\t\t\t\t\t\t\tclass=\"gllr_single_image_text gllr_single_image_text_under\">Mersumiehill\u00e4 Laakkosen Pentill\u00e4 (vas.) ja Ravin Eerolla n\u00e4ytt\u00e4\u00e4 olevan jokin t\u00e4rke\u00e4 asia mietinn\u00e4ss\u00e4&nbsp;<\/div>\n\t\t\t\t\t\t\t\t\t\t\t\t\t\t\t\t\t\t\t\t\t\t\t<\/div><!-- .gllr_image_block -->\n\t\t\t\t\t\t\t\t\t\t\t\t\t\t\t\t\t\t\t\t\t<div class=\"gllr_image_block\">\n\t\t\t\t\t\t\t\t\t\t\t\t<p style=\"\n\t\t\t\t\t\t\t\t\t\t\t\twidth:180px;height:140px;\t\t\t\t\t\t\t\t\t\t\t\t\">\n\t\t\t\t\t\t\t\t\t\t\t\t\t\t\t\t\t\t\t\t\t\t\t\t\t\t\t\t<a data-fancybox=\"gallery_fancybox_762\" href=\"https:\/\/kymenautomobiilikerho.fi\/wp\/wp-content\/uploads\/2014\/11\/IMG_3099-1024x768.jpg\" title=\"Allardien historia kiinnosti kovasti pikkujouluv\u00e4ke\u00e4\" >\n\t\t\t\t\t\t\t\t\t\t\t\t\t\t\t\t<img decoding=\"async\" width=&quot;160&quot; height=&quot;120&quot; style=\"width:160px; height:120px; border-width: 10px; border-color:#F1F1F1;border: 10px solid #F1F1F1\" alt=\"\" title=\"Allardien historia kiinnosti kovasti pikkujouluv\u00e4ke\u00e4\" src=\"https:\/\/kymenautomobiilikerho.fi\/wp\/wp-content\/uploads\/2014\/11\/IMG_3099-160x120.jpg\" rel=\"https:\/\/kymenautomobiilikerho.fi\/wp\/wp-content\/uploads\/2014\/11\/IMG_3099.JPG\" \/>\t\t\t\t\t\t\t\t\t\t\t\t\t\t\t<\/a>\n\t\t\t\t\t\t\t\t\t\t\t\t\t\t\t\t\t\t\t\t\t\t\t\t\t\t<\/p>\n\t\t\t\t\t\t\t\t\t\t\t\t\t\t\t\t\t\t\t\t\t\t\t\t\t<div \n\t\t\t\t\t\t\t\t\t\t\t\t\tstyle=\"width:180px;\"\t\t\t\t\t\t\t\t\t\t\t\t\tclass=\"gllr_single_image_text gllr_single_image_text_under\">Allardien historia kiinnosti kovasti pikkujouluv\u00e4ke\u00e4&nbsp;<\/div>\n\t\t\t\t\t\t\t\t\t\t\t\t\t\t\t\t\t\t\t\t\t\t\t<\/div><!-- .gllr_image_block -->\n\t\t\t\t\t\t\t\t\t\t\t\t\t\t\t\t\t\t\t\t\t<div class=\"gllr_image_block\">\n\t\t\t\t\t\t\t\t\t\t\t\t<p style=\"\n\t\t\t\t\t\t\t\t\t\t\t\twidth:180px;height:140px;\t\t\t\t\t\t\t\t\t\t\t\t\">\n\t\t\t\t\t\t\t\t\t\t\t\t\t\t\t\t\t\t\t\t\t\t\t\t\t\t\t\t<a data-fancybox=\"gallery_fancybox_762\" href=\"https:\/\/kymenautomobiilikerho.fi\/wp\/wp-content\/uploads\/2014\/11\/IMG_3104-1024x768.jpg\" title=\"Woikosken vetyk\u00e4ytt\u00f6inen auto on ainoa laatuaan maassa, mutta yhti\u00f6n n\u00e4kemyksen mukaan ne tulevat yleistym\u00e4\u00e4n tulevaisuudessa\" >\n\t\t\t\t\t\t\t\t\t\t\t\t\t\t\t\t<img decoding=\"async\" width=&quot;160&quot; height=&quot;120&quot; style=\"width:160px; height:120px; border-width: 10px; border-color:#F1F1F1;border: 10px solid #F1F1F1\" alt=\"\" title=\"Woikosken vetyk\u00e4ytt\u00f6inen auto on ainoa laatuaan maassa, mutta yhti\u00f6n n\u00e4kemyksen mukaan ne tulevat yleistym\u00e4\u00e4n tulevaisuudessa\" src=\"https:\/\/kymenautomobiilikerho.fi\/wp\/wp-content\/uploads\/2014\/11\/IMG_3104-160x120.jpg\" rel=\"https:\/\/kymenautomobiilikerho.fi\/wp\/wp-content\/uploads\/2014\/11\/IMG_3104.JPG\" \/>\t\t\t\t\t\t\t\t\t\t\t\t\t\t\t<\/a>\n\t\t\t\t\t\t\t\t\t\t\t\t\t\t\t\t\t\t\t\t\t\t\t\t\t\t<\/p>\n\t\t\t\t\t\t\t\t\t\t\t\t\t\t\t\t\t\t\t\t\t\t\t\t\t<div \n\t\t\t\t\t\t\t\t\t\t\t\t\tstyle=\"width:180px;\"\t\t\t\t\t\t\t\t\t\t\t\t\tclass=\"gllr_single_image_text gllr_single_image_text_under\">Woikosken vetyk\u00e4ytt\u00f6inen auto on ainoa laatuaan maassa, mutta yhti\u00f6n n\u00e4kemyksen mukaan ne tulevat yleistym\u00e4\u00e4n tulevaisuudessa&nbsp;<\/div>\n\t\t\t\t\t\t\t\t\t\t\t\t\t\t\t\t\t\t\t\t\t\t\t<\/div><!-- .gllr_image_block -->\n\t\t\t\t\t\t\t\t\t\t\t\t\t\t\t\t\t\t\t\t\t<\/div><!-- .gllr_image_row -->\n\t\t\t\t\t\t\t\t\t\t\t\t\t\t\t\t\t\t\t\t\t\t<div class=\"gllr_image_row\">\n\t\t\t\t\t\t\t\t\t\t\t\t\t\t\t\t\t\t\t\t\t<div class=\"gllr_image_block\">\n\t\t\t\t\t\t\t\t\t\t\t\t<p style=\"\n\t\t\t\t\t\t\t\t\t\t\t\twidth:180px;height:140px;\t\t\t\t\t\t\t\t\t\t\t\t\">\n\t\t\t\t\t\t\t\t\t\t\t\t\t\t\t\t\t\t\t\t\t\t\t\t\t\t\t\t<a data-fancybox=\"gallery_fancybox_762\" href=\"https:\/\/kymenautomobiilikerho.fi\/wp\/wp-content\/uploads\/2014\/11\/IMG_3108-1024x768.jpg\" title=\"Armstrong Siddeleyn konepellin alla on selv\u00e4sti jotain mielenkiintoista\" >\n\t\t\t\t\t\t\t\t\t\t\t\t\t\t\t\t<img decoding=\"async\" width=&quot;160&quot; height=&quot;120&quot; style=\"width:160px; height:120px; border-width: 10px; border-color:#F1F1F1;border: 10px solid #F1F1F1\" alt=\"\" title=\"Armstrong Siddeleyn konepellin alla on selv\u00e4sti jotain mielenkiintoista\" src=\"https:\/\/kymenautomobiilikerho.fi\/wp\/wp-content\/uploads\/2014\/11\/IMG_3108-160x120.jpg\" rel=\"https:\/\/kymenautomobiilikerho.fi\/wp\/wp-content\/uploads\/2014\/11\/IMG_3108.JPG\" \/>\t\t\t\t\t\t\t\t\t\t\t\t\t\t\t<\/a>\n\t\t\t\t\t\t\t\t\t\t\t\t\t\t\t\t\t\t\t\t\t\t\t\t\t\t<\/p>\n\t\t\t\t\t\t\t\t\t\t\t\t\t\t\t\t\t\t\t\t\t\t\t\t\t<div \n\t\t\t\t\t\t\t\t\t\t\t\t\tstyle=\"width:180px;\"\t\t\t\t\t\t\t\t\t\t\t\t\tclass=\"gllr_single_image_text gllr_single_image_text_under\">Armstrong Siddeleyn konepellin alla on selv\u00e4sti jotain mielenkiintoista&nbsp;<\/div>\n\t\t\t\t\t\t\t\t\t\t\t\t\t\t\t\t\t\t\t\t\t\t\t<\/div><!-- .gllr_image_block -->\n\t\t\t\t\t\t\t\t\t\t\t\t\t\t\t\t\t\t\t\t\t<div class=\"gllr_image_block\">\n\t\t\t\t\t\t\t\t\t\t\t\t<p style=\"\n\t\t\t\t\t\t\t\t\t\t\t\twidth:180px;height:140px;\t\t\t\t\t\t\t\t\t\t\t\t\">\n\t\t\t\t\t\t\t\t\t\t\t\t\t\t\t\t\t\t\t\t\t\t\t\t\t\t\t\t<a data-fancybox=\"gallery_fancybox_762\" href=\"https:\/\/kymenautomobiilikerho.fi\/wp\/wp-content\/uploads\/2014\/11\/IMG_3109-768x1024.jpg\" title=\"Mit\u00e4h\u00e4n Solavuon Kirsill\u00e4 ja Ravin Mairella on mieless\u00e4\" >\n\t\t\t\t\t\t\t\t\t\t\t\t\t\t\t\t<img decoding=\"async\" width=&quot;160&quot; height=&quot;120&quot; style=\"width:160px; height:120px; border-width: 10px; border-color:#F1F1F1;border: 10px solid #F1F1F1\" alt=\"\" title=\"Mit\u00e4h\u00e4n Solavuon Kirsill\u00e4 ja Ravin Mairella on mieless\u00e4\" src=\"https:\/\/kymenautomobiilikerho.fi\/wp\/wp-content\/uploads\/2014\/11\/IMG_3109-160x120.jpg\" rel=\"https:\/\/kymenautomobiilikerho.fi\/wp\/wp-content\/uploads\/2014\/11\/IMG_3109.JPG\" \/>\t\t\t\t\t\t\t\t\t\t\t\t\t\t\t<\/a>\n\t\t\t\t\t\t\t\t\t\t\t\t\t\t\t\t\t\t\t\t\t\t\t\t\t\t<\/p>\n\t\t\t\t\t\t\t\t\t\t\t\t\t\t\t\t\t\t\t\t\t\t\t\t\t<div \n\t\t\t\t\t\t\t\t\t\t\t\t\tstyle=\"width:180px;\"\t\t\t\t\t\t\t\t\t\t\t\t\tclass=\"gllr_single_image_text gllr_single_image_text_under\">Mit\u00e4h\u00e4n Solavuon Kirsill\u00e4 ja Ravin Mairella on mieless\u00e4&nbsp;<\/div>\n\t\t\t\t\t\t\t\t\t\t\t\t\t\t\t\t\t\t\t\t\t\t\t<\/div><!-- .gllr_image_block -->\n\t\t\t\t\t\t\t\t\t\t\t\t\t\t\t\t\t\t\t\t\t<div class=\"gllr_image_block\">\n\t\t\t\t\t\t\t\t\t\t\t\t<p style=\"\n\t\t\t\t\t\t\t\t\t\t\t\twidth:180px;height:140px;\t\t\t\t\t\t\t\t\t\t\t\t\">\n\t\t\t\t\t\t\t\t\t\t\t\t\t\t\t\t\t\t\t\t\t\t\t\t\t\t\t\t<a data-fancybox=\"gallery_fancybox_762\" href=\"https:\/\/kymenautomobiilikerho.fi\/wp\/wp-content\/uploads\/2014\/11\/IMG_3116-1024x768.jpg\" title=\"Lyytik\u00e4isen Timo ja Kaistalan Raimo ihailevat Clas Palmbergin hienoa palkintokokoelmaa\" >\n\t\t\t\t\t\t\t\t\t\t\t\t\t\t\t\t<img decoding=\"async\" width=&quot;160&quot; height=&quot;120&quot; style=\"width:160px; height:120px; border-width: 10px; border-color:#F1F1F1;border: 10px solid #F1F1F1\" alt=\"\" title=\"Lyytik\u00e4isen Timo ja Kaistalan Raimo ihailevat Clas Palmbergin hienoa palkintokokoelmaa\" src=\"https:\/\/kymenautomobiilikerho.fi\/wp\/wp-content\/uploads\/2014\/11\/IMG_3116-160x120.jpg\" rel=\"https:\/\/kymenautomobiilikerho.fi\/wp\/wp-content\/uploads\/2014\/11\/IMG_3116.JPG\" \/>\t\t\t\t\t\t\t\t\t\t\t\t\t\t\t<\/a>\n\t\t\t\t\t\t\t\t\t\t\t\t\t\t\t\t\t\t\t\t\t\t\t\t\t\t<\/p>\n\t\t\t\t\t\t\t\t\t\t\t\t\t\t\t\t\t\t\t\t\t\t\t\t\t<div \n\t\t\t\t\t\t\t\t\t\t\t\t\tstyle=\"width:180px;\"\t\t\t\t\t\t\t\t\t\t\t\t\tclass=\"gllr_single_image_text gllr_single_image_text_under\">Lyytik\u00e4isen Timo ja Kaistalan Raimo ihailevat Clas Palmbergin hienoa palkintokokoelmaa&nbsp;<\/div>\n\t\t\t\t\t\t\t\t\t\t\t\t\t\t\t\t\t\t\t\t\t\t\t<\/div><!-- .gllr_image_block -->\n\t\t\t\t\t\t\t\t\t\t\t\t\t\t\t\t\t\t\t\t\t<\/div><!-- .gllr_image_row -->\n\t\t\t\t\t\t\t\t\t\t\t\t\t\t\t\t\t\t\t\t\t\t<div class=\"gllr_image_row\">\n\t\t\t\t\t\t\t\t\t\t\t\t\t\t\t\t\t\t\t\t\t<div class=\"gllr_image_block\">\n\t\t\t\t\t\t\t\t\t\t\t\t<p style=\"\n\t\t\t\t\t\t\t\t\t\t\t\twidth:180px;height:140px;\t\t\t\t\t\t\t\t\t\t\t\t\">\n\t\t\t\t\t\t\t\t\t\t\t\t\t\t\t\t\t\t\t\t\t\t\t\t\t\t\t\t<a data-fancybox=\"gallery_fancybox_762\" href=\"https:\/\/kymenautomobiilikerho.fi\/wp\/wp-content\/uploads\/2014\/11\/IMG_3121-1024x768.jpg\" title=\"Illallista odotellaan Hilupilttuun p\u00f6ydiss\u00e4\" >\n\t\t\t\t\t\t\t\t\t\t\t\t\t\t\t\t<img decoding=\"async\" width=&quot;160&quot; height=&quot;120&quot; style=\"width:160px; height:120px; border-width: 10px; border-color:#F1F1F1;border: 10px solid #F1F1F1\" alt=\"\" title=\"Illallista odotellaan Hilupilttuun p\u00f6ydiss\u00e4\" src=\"https:\/\/kymenautomobiilikerho.fi\/wp\/wp-content\/uploads\/2014\/11\/IMG_3121-160x120.jpg\" rel=\"https:\/\/kymenautomobiilikerho.fi\/wp\/wp-content\/uploads\/2014\/11\/IMG_3121.JPG\" \/>\t\t\t\t\t\t\t\t\t\t\t\t\t\t\t<\/a>\n\t\t\t\t\t\t\t\t\t\t\t\t\t\t\t\t\t\t\t\t\t\t\t\t\t\t<\/p>\n\t\t\t\t\t\t\t\t\t\t\t\t\t\t\t\t\t\t\t\t\t\t\t\t\t<div \n\t\t\t\t\t\t\t\t\t\t\t\t\tstyle=\"width:180px;\"\t\t\t\t\t\t\t\t\t\t\t\t\tclass=\"gllr_single_image_text gllr_single_image_text_under\">Illallista odotellaan Hilupilttuun p\u00f6ydiss\u00e4&nbsp;<\/div>\n\t\t\t\t\t\t\t\t\t\t\t\t\t\t\t\t\t\t\t\t\t\t\t<\/div><!-- .gllr_image_block -->\n\t\t\t\t\t\t\t\t\t\t\t\t\t\t\t\t\t\t\t\t\t<div class=\"gllr_image_block\">\n\t\t\t\t\t\t\t\t\t\t\t\t<p style=\"\n\t\t\t\t\t\t\t\t\t\t\t\twidth:180px;height:140px;\t\t\t\t\t\t\t\t\t\t\t\t\">\n\t\t\t\t\t\t\t\t\t\t\t\t\t\t\t\t\t\t\t\t\t\t\t\t\t\t\t\t<a data-fancybox=\"gallery_fancybox_762\" href=\"https:\/\/kymenautomobiilikerho.fi\/wp\/wp-content\/uploads\/2014\/11\/IMG_3125-1024x768.jpg\" title=\"Naistoimikunnan ohjelmana oli vanha joululaulu, joka oli saanut uuden mobilistihenkisen sanoituksen. Esitt\u00e4jin\u00e4 Maire Ravi (vas.), Riitta Lyytik\u00e4inen, Anneli Lahti, Sari Ravi ja Eila Kaunonen\" >\n\t\t\t\t\t\t\t\t\t\t\t\t\t\t\t\t<img decoding=\"async\" width=&quot;160&quot; height=&quot;120&quot; style=\"width:160px; height:120px; border-width: 10px; border-color:#F1F1F1;border: 10px solid #F1F1F1\" alt=\"\" title=\"Naistoimikunnan ohjelmana oli vanha joululaulu, joka oli saanut uuden mobilistihenkisen sanoituksen. Esitt\u00e4jin\u00e4 Maire Ravi (vas.), Riitta Lyytik\u00e4inen, Anneli Lahti, Sari Ravi ja Eila Kaunonen\" src=\"https:\/\/kymenautomobiilikerho.fi\/wp\/wp-content\/uploads\/2014\/11\/IMG_3125-160x120.jpg\" rel=\"https:\/\/kymenautomobiilikerho.fi\/wp\/wp-content\/uploads\/2014\/11\/IMG_3125.JPG\" \/>\t\t\t\t\t\t\t\t\t\t\t\t\t\t\t<\/a>\n\t\t\t\t\t\t\t\t\t\t\t\t\t\t\t\t\t\t\t\t\t\t\t\t\t\t<\/p>\n\t\t\t\t\t\t\t\t\t\t\t\t\t\t\t\t\t\t\t\t\t\t\t\t\t<div \n\t\t\t\t\t\t\t\t\t\t\t\t\tstyle=\"width:180px;\"\t\t\t\t\t\t\t\t\t\t\t\t\tclass=\"gllr_single_image_text gllr_single_image_text_under\">Naistoimikunnan ohjelmana oli vanha joululaulu, joka oli saanut uuden mobilistihenkisen sanoituksen. Esitt\u00e4jin\u00e4 Maire Ravi (vas.), Riitta Lyytik\u00e4inen, Anneli Lahti, Sari Ravi ja Eila Kaunonen&nbsp;<\/div>\n\t\t\t\t\t\t\t\t\t\t\t\t\t\t\t\t\t\t\t\t\t\t\t<\/div><!-- .gllr_image_block -->\n\t\t\t\t\t\t\t\t\t\t\t\t\t\t\t\t\t\t\t\t\t<div class=\"gllr_image_block\">\n\t\t\t\t\t\t\t\t\t\t\t\t<p style=\"\n\t\t\t\t\t\t\t\t\t\t\t\twidth:180px;height:140px;\t\t\t\t\t\t\t\t\t\t\t\t\">\n\t\t\t\t\t\t\t\t\t\t\t\t\t\t\t\t\t\t\t\t\t\t\t\t\t\t\t\t<a data-fancybox=\"gallery_fancybox_762\" href=\"https:\/\/kymenautomobiilikerho.fi\/wp\/wp-content\/uploads\/2014\/11\/IMG_3127-1024x768.jpg\" title=\"Arpajaispalkinnot\" >\n\t\t\t\t\t\t\t\t\t\t\t\t\t\t\t\t<img decoding=\"async\" width=&quot;160&quot; height=&quot;120&quot; style=\"width:160px; height:120px; border-width: 10px; border-color:#F1F1F1;border: 10px solid #F1F1F1\" alt=\"\" title=\"Arpajaispalkinnot\" src=\"https:\/\/kymenautomobiilikerho.fi\/wp\/wp-content\/uploads\/2014\/11\/IMG_3127-160x120.jpg\" rel=\"https:\/\/kymenautomobiilikerho.fi\/wp\/wp-content\/uploads\/2014\/11\/IMG_3127.JPG\" \/>\t\t\t\t\t\t\t\t\t\t\t\t\t\t\t<\/a>\n\t\t\t\t\t\t\t\t\t\t\t\t\t\t\t\t\t\t\t\t\t\t\t\t\t\t<\/p>\n\t\t\t\t\t\t\t\t\t\t\t\t\t\t\t\t\t\t\t\t\t\t\t\t\t<div \n\t\t\t\t\t\t\t\t\t\t\t\t\tstyle=\"width:180px;\"\t\t\t\t\t\t\t\t\t\t\t\t\tclass=\"gllr_single_image_text gllr_single_image_text_under\">Arpajaispalkinnot&nbsp;<\/div>\n\t\t\t\t\t\t\t\t\t\t\t\t\t\t\t\t\t\t\t\t\t\t\t<\/div><!-- .gllr_image_block -->\n\t\t\t\t\t\t\t\t\t\t\t\t\t\t\t\t\t\t\t\t\t<\/div><!-- .gllr_image_row -->\n\t\t\t\t\t\t\t\t\t\t\t\t\t\t\t\t\t\t\t\t\t\t<div class=\"gllr_image_row\">\n\t\t\t\t\t\t\t\t\t\t\t\t\t\t\t\t\t\t\t\t\t<div class=\"gllr_image_block\">\n\t\t\t\t\t\t\t\t\t\t\t\t<p style=\"\n\t\t\t\t\t\t\t\t\t\t\t\twidth:180px;height:140px;\t\t\t\t\t\t\t\t\t\t\t\t\">\n\t\t\t\t\t\t\t\t\t\t\t\t\t\t\t\t\t\t\t\t\t\t\t\t\t\t\t\t<a data-fancybox=\"gallery_fancybox_762\" href=\"https:\/\/kymenautomobiilikerho.fi\/wp\/wp-content\/uploads\/2014\/11\/IMG_3129-1024x768.jpg\" title=\"Illallinen on ohi ja odotellaan arpajaisten aloitusta\" >\n\t\t\t\t\t\t\t\t\t\t\t\t\t\t\t\t<img decoding=\"async\" width=&quot;160&quot; height=&quot;120&quot; style=\"width:160px; height:120px; border-width: 10px; border-color:#F1F1F1;border: 10px solid #F1F1F1\" alt=\"\" title=\"Illallinen on ohi ja odotellaan arpajaisten aloitusta\" src=\"https:\/\/kymenautomobiilikerho.fi\/wp\/wp-content\/uploads\/2014\/11\/IMG_3129-160x120.jpg\" rel=\"https:\/\/kymenautomobiilikerho.fi\/wp\/wp-content\/uploads\/2014\/11\/IMG_3129.JPG\" \/>\t\t\t\t\t\t\t\t\t\t\t\t\t\t\t<\/a>\n\t\t\t\t\t\t\t\t\t\t\t\t\t\t\t\t\t\t\t\t\t\t\t\t\t\t<\/p>\n\t\t\t\t\t\t\t\t\t\t\t\t\t\t\t\t\t\t\t\t\t\t\t\t\t<div \n\t\t\t\t\t\t\t\t\t\t\t\t\tstyle=\"width:180px;\"\t\t\t\t\t\t\t\t\t\t\t\t\tclass=\"gllr_single_image_text gllr_single_image_text_under\">Illallinen on ohi ja odotellaan arpajaisten aloitusta&nbsp;<\/div>\n\t\t\t\t\t\t\t\t\t\t\t\t\t\t\t\t\t\t\t\t\t\t\t<\/div><!-- .gllr_image_block -->\n\t\t\t\t\t\t\t\t\t\t\t\t\t\t\t\t\t\t\t\t\t<div class=\"gllr_image_block\">\n\t\t\t\t\t\t\t\t\t\t\t\t<p style=\"\n\t\t\t\t\t\t\t\t\t\t\t\twidth:180px;height:140px;\t\t\t\t\t\t\t\t\t\t\t\t\">\n\t\t\t\t\t\t\t\t\t\t\t\t\t\t\t\t\t\t\t\t\t\t\t\t\t\t\t\t<a data-fancybox=\"gallery_fancybox_762\" href=\"https:\/\/kymenautomobiilikerho.fi\/wp\/wp-content\/uploads\/2014\/11\/IMG_3136-768x1024.jpg\" title=\"Arvonnan suorittivat Riitta Lyytik\u00e4inen (edess\u00e4), Riitta Tikkanen ja Paavo Horto\" >\n\t\t\t\t\t\t\t\t\t\t\t\t\t\t\t\t<img decoding=\"async\" width=&quot;160&quot; height=&quot;120&quot; style=\"width:160px; height:120px; border-width: 10px; border-color:#F1F1F1;border: 10px solid #F1F1F1\" alt=\"\" title=\"Arvonnan suorittivat Riitta Lyytik\u00e4inen (edess\u00e4), Riitta Tikkanen ja Paavo Horto\" src=\"https:\/\/kymenautomobiilikerho.fi\/wp\/wp-content\/uploads\/2014\/11\/IMG_3136-160x120.jpg\" rel=\"https:\/\/kymenautomobiilikerho.fi\/wp\/wp-content\/uploads\/2014\/11\/IMG_3136.JPG\" \/>\t\t\t\t\t\t\t\t\t\t\t\t\t\t\t<\/a>\n\t\t\t\t\t\t\t\t\t\t\t\t\t\t\t\t\t\t\t\t\t\t\t\t\t\t<\/p>\n\t\t\t\t\t\t\t\t\t\t\t\t\t\t\t\t\t\t\t\t\t\t\t\t\t<div \n\t\t\t\t\t\t\t\t\t\t\t\t\tstyle=\"width:180px;\"\t\t\t\t\t\t\t\t\t\t\t\t\tclass=\"gllr_single_image_text gllr_single_image_text_under\">Arvonnan suorittivat Riitta Lyytik\u00e4inen (edess\u00e4), Riitta Tikkanen ja Paavo Horto&nbsp;<\/div>\n\t\t\t\t\t\t\t\t\t\t\t\t\t\t\t\t\t\t\t\t\t\t\t<\/div><!-- .gllr_image_block -->\n\t\t\t\t\t\t\t\t\t\t\t\t\t\t\t\t\t\t\t\t\t<div class=\"gllr_image_block\">\n\t\t\t\t\t\t\t\t\t\t\t\t<p style=\"\n\t\t\t\t\t\t\t\t\t\t\t\twidth:180px;height:140px;\t\t\t\t\t\t\t\t\t\t\t\t\">\n\t\t\t\t\t\t\t\t\t\t\t\t\t\t\t\t\t\t\t\t\t\t\t\t\t\t\t\t<a data-fancybox=\"gallery_fancybox_762\" href=\"https:\/\/kymenautomobiilikerho.fi\/wp\/wp-content\/uploads\/2014\/11\/IMG_3139-768x1024.jpg\" title=\"Kinkkuarvonnan voitti Sari Ravi\" >\n\t\t\t\t\t\t\t\t\t\t\t\t\t\t\t\t<img decoding=\"async\" width=&quot;160&quot; height=&quot;120&quot; style=\"width:160px; height:120px; border-width: 10px; border-color:#F1F1F1;border: 10px solid #F1F1F1\" alt=\"\" title=\"Kinkkuarvonnan voitti Sari Ravi\" src=\"https:\/\/kymenautomobiilikerho.fi\/wp\/wp-content\/uploads\/2014\/11\/IMG_3139-160x120.jpg\" rel=\"https:\/\/kymenautomobiilikerho.fi\/wp\/wp-content\/uploads\/2014\/11\/IMG_3139.JPG\" \/>\t\t\t\t\t\t\t\t\t\t\t\t\t\t\t<\/a>\n\t\t\t\t\t\t\t\t\t\t\t\t\t\t\t\t\t\t\t\t\t\t\t\t\t\t<\/p>\n\t\t\t\t\t\t\t\t\t\t\t\t\t\t\t\t\t\t\t\t\t\t\t\t\t<div \n\t\t\t\t\t\t\t\t\t\t\t\t\tstyle=\"width:180px;\"\t\t\t\t\t\t\t\t\t\t\t\t\tclass=\"gllr_single_image_text gllr_single_image_text_under\">Kinkkuarvonnan voitti Sari Ravi&nbsp;<\/div>\n\t\t\t\t\t\t\t\t\t\t\t\t\t\t\t\t\t\t\t\t\t\t\t<\/div><!-- .gllr_image_block -->\n\t\t\t\t\t\t\t\t\t\t\t\t\t\t\t\t\t\t\t\t\t<\/div><!-- .gllr_image_row -->\n\t\t\t\t\t\t\t\t\t\t\t\t\t\t\t\t\t\t\t\t\t\t<div class=\"gllr_image_row\">\n\t\t\t\t\t\t\t\t\t\t\t\t\t\t\t\t\t\t\t\t\t<div class=\"gllr_image_block\">\n\t\t\t\t\t\t\t\t\t\t\t\t<p style=\"\n\t\t\t\t\t\t\t\t\t\t\t\twidth:180px;height:140px;\t\t\t\t\t\t\t\t\t\t\t\t\">\n\t\t\t\t\t\t\t\t\t\t\t\t\t\t\t\t\t\t\t\t\t\t\t\t\t\t\t\t<a data-fancybox=\"gallery_fancybox_762\" href=\"https:\/\/kymenautomobiilikerho.fi\/wp\/wp-content\/uploads\/2014\/11\/IMG_3142-768x1024.jpg\" title=\"Eija Salokatve luki pienen koululaisen omasta joulustaan kirjoittaman tarinan\" >\n\t\t\t\t\t\t\t\t\t\t\t\t\t\t\t\t<img decoding=\"async\" width=&quot;160&quot; height=&quot;120&quot; style=\"width:160px; height:120px; border-width: 10px; border-color:#F1F1F1;border: 10px solid #F1F1F1\" alt=\"\" title=\"Eija Salokatve luki pienen koululaisen omasta joulustaan kirjoittaman tarinan\" src=\"https:\/\/kymenautomobiilikerho.fi\/wp\/wp-content\/uploads\/2014\/11\/IMG_3142-160x120.jpg\" rel=\"https:\/\/kymenautomobiilikerho.fi\/wp\/wp-content\/uploads\/2014\/11\/IMG_3142.JPG\" \/>\t\t\t\t\t\t\t\t\t\t\t\t\t\t\t<\/a>\n\t\t\t\t\t\t\t\t\t\t\t\t\t\t\t\t\t\t\t\t\t\t\t\t\t\t<\/p>\n\t\t\t\t\t\t\t\t\t\t\t\t\t\t\t\t\t\t\t\t\t\t\t\t\t<div \n\t\t\t\t\t\t\t\t\t\t\t\t\tstyle=\"width:180px;\"\t\t\t\t\t\t\t\t\t\t\t\t\tclass=\"gllr_single_image_text gllr_single_image_text_under\">Eija Salokatve luki pienen koululaisen omasta joulustaan kirjoittaman tarinan&nbsp;<\/div>\n\t\t\t\t\t\t\t\t\t\t\t\t\t\t\t\t\t\t\t\t\t\t\t<\/div><!-- .gllr_image_block -->\n\t\t\t\t\t\t\t\t\t\t\t\t\t\t\t\t\t\t\t\t\t<div class=\"gllr_image_block\">\n\t\t\t\t\t\t\t\t\t\t\t\t<p style=\"\n\t\t\t\t\t\t\t\t\t\t\t\twidth:180px;height:140px;\t\t\t\t\t\t\t\t\t\t\t\t\">\n\t\t\t\t\t\t\t\t\t\t\t\t\t\t\t\t\t\t\t\t\t\t\t\t\t\t\t\t<a data-fancybox=\"gallery_fancybox_762\" href=\"https:\/\/kymenautomobiilikerho.fi\/wp\/wp-content\/uploads\/2014\/11\/IMG_3143-1024x768.jpg\" title=\"Illan p\u00e4\u00e4tteeksi p\u00e4\u00e4si muutama viel\u00e4 karaokesolistiksi. T\u00e4ss\u00e4 Leena Laapas antaa n\u00e4ytteen hienosta laulu\u00e4\u00e4nest\u00e4\u00e4n\" >\n\t\t\t\t\t\t\t\t\t\t\t\t\t\t\t\t<img decoding=\"async\" width=&quot;160&quot; height=&quot;120&quot; style=\"width:160px; height:120px; border-width: 10px; border-color:#F1F1F1;border: 10px solid #F1F1F1\" alt=\"\" title=\"Illan p\u00e4\u00e4tteeksi p\u00e4\u00e4si muutama viel\u00e4 karaokesolistiksi. T\u00e4ss\u00e4 Leena Laapas antaa n\u00e4ytteen hienosta laulu\u00e4\u00e4nest\u00e4\u00e4n\" src=\"https:\/\/kymenautomobiilikerho.fi\/wp\/wp-content\/uploads\/2014\/11\/IMG_3143-160x120.jpg\" rel=\"https:\/\/kymenautomobiilikerho.fi\/wp\/wp-content\/uploads\/2014\/11\/IMG_3143.JPG\" \/>\t\t\t\t\t\t\t\t\t\t\t\t\t\t\t<\/a>\n\t\t\t\t\t\t\t\t\t\t\t\t\t\t\t\t\t\t\t\t\t\t\t\t\t\t<\/p>\n\t\t\t\t\t\t\t\t\t\t\t\t\t\t\t\t\t\t\t\t\t\t\t\t\t<div \n\t\t\t\t\t\t\t\t\t\t\t\t\tstyle=\"width:180px;\"\t\t\t\t\t\t\t\t\t\t\t\t\tclass=\"gllr_single_image_text gllr_single_image_text_under\">Illan p\u00e4\u00e4tteeksi p\u00e4\u00e4si muutama viel\u00e4 karaokesolistiksi. T\u00e4ss\u00e4 Leena Laapas antaa n\u00e4ytteen hienosta laulu\u00e4\u00e4nest\u00e4\u00e4n&nbsp;<\/div>\n\t\t\t\t\t\t\t\t\t\t\t\t\t\t\t\t\t\t\t\t\t\t\t<\/div><!-- .gllr_image_block -->\n\t\t\t\t\t\t\t\t\t\t\t\t\t\t\t\t\t\t\t\t\t<div class=\"gllr_image_block\">\n\t\t\t\t\t\t\t\t\t\t\t\t<p style=\"\n\t\t\t\t\t\t\t\t\t\t\t\twidth:180px;height:140px;\t\t\t\t\t\t\t\t\t\t\t\t\">\n\t\t\t\t\t\t\t\t\t\t\t\t\t\t\t\t\t\t\t\t\t\t\t\t\t\t\t\t<a data-fancybox=\"gallery_fancybox_762\" href=\"https:\/\/kymenautomobiilikerho.fi\/wp\/wp-content\/uploads\/2014\/11\/IMG_3149-1024x768.jpg\" title=\"Vanhan sanonnan mukaan linja-autossa on tunnelmaa ja niin oli t\u00e4ll\u00e4kin kerralla\" >\n\t\t\t\t\t\t\t\t\t\t\t\t\t\t\t\t<img decoding=\"async\" width=&quot;160&quot; height=&quot;120&quot; style=\"width:160px; height:120px; border-width: 10px; border-color:#F1F1F1;border: 10px solid #F1F1F1\" alt=\"\" title=\"Vanhan sanonnan mukaan linja-autossa on tunnelmaa ja niin oli t\u00e4ll\u00e4kin kerralla\" src=\"https:\/\/kymenautomobiilikerho.fi\/wp\/wp-content\/uploads\/2014\/11\/IMG_3149-160x120.jpg\" rel=\"https:\/\/kymenautomobiilikerho.fi\/wp\/wp-content\/uploads\/2014\/11\/IMG_3149.JPG\" \/>\t\t\t\t\t\t\t\t\t\t\t\t\t\t\t<\/a>\n\t\t\t\t\t\t\t\t\t\t\t\t\t\t\t\t\t\t\t\t\t\t\t\t\t\t<\/p>\n\t\t\t\t\t\t\t\t\t\t\t\t\t\t\t\t\t\t\t\t\t\t\t\t\t<div \n\t\t\t\t\t\t\t\t\t\t\t\t\tstyle=\"width:180px;\"\t\t\t\t\t\t\t\t\t\t\t\t\tclass=\"gllr_single_image_text gllr_single_image_text_under\">Vanhan sanonnan mukaan linja-autossa on tunnelmaa ja niin oli t\u00e4ll\u00e4kin kerralla&nbsp;<\/div>\n\t\t\t\t\t\t\t\t\t\t\t\t\t\t\t\t\t\t\t\t\t\t\t<\/div><!-- .gllr_image_block -->\n\t\t\t\t\t\t\t\t\t\t\t\t\t\t\t\t\t\t\t\t\t<\/div><!-- .gllr_image_row -->\n\t\t\t\t\t\t\t\t\t\t\t\t\t\t\t\t\t\t\t<\/div><!-- .gallery.clearfix -->\n\t\t\t\t\t\t\t\t\t\t\t\t\t\t<\/div><!-- .gallery_box_single -->\n\t\t\t\t\t\t<div class=\"gllr_clear\"><\/div>\n\t\t\t\t\t\t<\/p>\n","protected":false},"excerpt":{"rendered":"<p>Kerhon pikkujoulua vietettiin lauantaina 15. marraskuuta WHD G\u00e5rd:n tiloissa M\u00e4ntyharjun Nurmaalla (http:\/\/www.woikoskiheliosdressage.fi\/). Aiemmista vuosista poiketen ohjelma alkoi jo klo 15. Tervetulokahvien lomassa meille esiteltiin kartanon historiaa ja nykytilaa edelt\u00e4neit\u00e4 muutost\u00f6it\u00e4. Kahvien j\u00e4lkeen tehtiin alueella k\u00e4velykierros, jonka yhteydess\u00e4 tutustuttiin majoitustiloihin, maneesiin&hellip; <a href=\"https:\/\/kymenautomobiilikerho.fi\/wp\/gallery\/762-2\/\" class=\"more-link\">Continue Reading <span class=\"meta-nav\">&rarr;<\/span><\/a><\/p>\n","protected":false},"author":1,"featured_media":0,"parent":0,"menu_order":0,"comment_status":"closed","ping_status":"closed","template":"page-template-full.php","meta":{"footnotes":""},"class_list":["post-741","page","type-page","status-publish","hentry"],"_links":{"self":[{"href":"https:\/\/kymenautomobiilikerho.fi\/wp\/wp-json\/wp\/v2\/pages\/741","targetHints":{"allow":["GET"]}}],"collection":[{"href":"https:\/\/kymenautomobiilikerho.fi\/wp\/wp-json\/wp\/v2\/pages"}],"about":[{"href":"https:\/\/kymenautomobiilikerho.fi\/wp\/wp-json\/wp\/v2\/types\/page"}],"author":[{"embeddable":true,"href":"https:\/\/kymenautomobiilikerho.fi\/wp\/wp-json\/wp\/v2\/users\/1"}],"replies":[{"embeddable":true,"href":"https:\/\/kymenautomobiilikerho.fi\/wp\/wp-json\/wp\/v2\/comments?post=741"}],"version-history":[{"count":3,"href":"https:\/\/kymenautomobiilikerho.fi\/wp\/wp-json\/wp\/v2\/pages\/741\/revisions"}],"predecessor-version":[{"id":787,"href":"https:\/\/kymenautomobiilikerho.fi\/wp\/wp-json\/wp\/v2\/pages\/741\/revisions\/787"}],"wp:attachment":[{"href":"https:\/\/kymenautomobiilikerho.fi\/wp\/wp-json\/wp\/v2\/media?parent=741"}],"curies":[{"name":"wp","href":"https:\/\/api.w.org\/{rel}","templated":true}]}}